{"id":701,"date":"2016-05-10T14:02:34","date_gmt":"2016-05-10T14:02:34","guid":{"rendered":"http:\/\/pazifikdesign.de\/?page_id=701"},"modified":"2017-01-10T11:03:12","modified_gmt":"2017-01-10T11:03:12","slug":"profil","status":"publish","type":"page","link":"https:\/\/picnic-design.de\/?page_id=701","title":{"rendered":"profil"},"content":{"rendered":"<p>Seit 2004 f\u00fchren wir als Partner unter dem\u00a0Namen <b>picnic<\/b>\u00a0das\u00a0B\u00fcro f\u00fcr Visuelle Kommunikation.<br \/>\nIn bew\u00e4hrter\u00a0Zusammenarbeit betreuen wir ganz unterschiedliche Auftraggeber.<br \/>\nZu unseren St\u00e4rken z\u00e4hlt\u00a0die gestalterische Vielfalt.<br \/>\nIm Verlauf\u00a0einer offenen und konstruktiven Zusammenarbeit mit unseren Auftraggebern,<br \/>\nentsteht immer eine konzeptionelle L\u00f6sung, die durch Klarheit und Pr\u00e4gnanz \u00fcberzeugt.<\/p>\n<p><b>Unsere R\u00e4ume:<br \/>\n<\/b>Industriell gepr\u00e4gt am Fluss, der Verkehrsader und Fischgew\u00e4sser zugleich ist.<br \/>\nHier direkt am Ufer, im 4. Stock, arbeiten wir. Mit Blick auf die Schwebebahn,<br \/>\nzum Gl\u00fcck von oben. Und die neuen Bahnen, in Spanien entwickelt, sind erheblich leiser&#8230;<b><br \/>\n<b><br \/>\nUm uns herum:<\/b><br \/>\n<\/b>Urbane Sch\u00f6nheit hier und da, Architekturs\u00fcnden und -perlen gleichen einander\u00a0aus.<br \/>\nEingebettet im Gr\u00fcn ist Wuppertal zwischen den Zeilen immer frei f\u00fcr Improvisiertes &amp; Neues<br \/>\n&#8211; die R\u00e4ume finden sich.<\/p>\n<p class=\"bodytext\"><b>Anja Eder\u00a0<\/b><i>Dipl.Des.<\/i><br \/>\nStudium Kommunikationsdesign,\u00a0Bergische Universit\u00e4t Wuppertal<br \/>\nStudium Visuelle Kommunikation,\u00a0FH D\u00fcsseldorf,\u00a0Diplom<br \/>\nStudium Freie Kunst,\u00a0Ecole d\u00b4Art de Besancon, Frankreich<br \/>\nStudium Freie Kunst,\u00a0Kunstakademie D\u00fcsseldorf bei Prof. A.R. Penck<\/p>\n<p><b>Michael R\u00f6mer\u00a0<\/b><i>Dipl.Des.<\/i><b><br \/>\n<\/b>Studium Wirtschaftswissenschaften,\u00a0Bergische Universit\u00e4t Wuppertal<br \/>\nStudium Visuelle Kommunikation,\u00a0FH D\u00fcsseldorf,\u00a0Diplom<br \/>\nFreie Projekte und Ausstellungen im Bereich Fotografie und\u00a0Experimentalfilm<\/p>\n<p><strong>Gemeinsam:<\/strong><br \/>\nSeit 2004\u00a0picnic grafik-design \/\u00a0B\u00fcro f\u00fcr Visuelle Kommunikation<br \/>\n2005 &#8211; 2010 Konzeption &amp; Layout des Artworks f\u00fcr Esprit Men Casual<br \/>\nSeit 2010 limpalux \/ Design und Vertrieb von Lichtobjekten<\/p>\n<p><img loading=\"lazy\" class=\"wp-image-812 size-full alignleft\" src=\"http:\/\/pazifikdesign.de\/wp-content\/uploads\/2016\/05\/Limpalux_picnic_Kempf.jpg\" alt=\"Limpalux_picnic_Kempf\" width=\"700\" height=\"934\" srcset=\"https:\/\/picnic-design.de\/wp-content\/uploads\/2016\/05\/Limpalux_picnic_Kempf.jpg 700w, https:\/\/picnic-design.de\/wp-content\/uploads\/2016\/05\/Limpalux_picnic_Kempf-225x300.jpg 225w\" sizes=\"(max-width: 700px) 100vw, 700px\" \/><\/p>\n<p><img loading=\"lazy\" class=\"size-full wp-image-811 alignleft\" src=\"http:\/\/pazifikdesign.de\/wp-content\/uploads\/2016\/05\/picnic_limpalux_buero.jpg\" alt=\"picnic_limpalux_buero\" width=\"700\" height=\"976\" srcset=\"https:\/\/picnic-design.de\/wp-content\/uploads\/2016\/05\/picnic_limpalux_buero.jpg 700w, https:\/\/picnic-design.de\/wp-content\/uploads\/2016\/05\/picnic_limpalux_buero-215x300.jpg 215w\" sizes=\"(max-width: 700px) 100vw, 700px\" \/><\/p>\n<p>&nbsp;<\/p>\n<p>&nbsp;<\/p>\n<p>&nbsp;<\/p>\n","protected":false},"excerpt":{"rendered":"<p>Seit 2004 f\u00fchren wir als Partner unter dem\u00a0Namen picnic\u00a0das\u00a0B\u00fcro f\u00fcr Visuelle Kommunikation. In bew\u00e4hrter\u00a0Zusammenarbeit betreuen wir ganz unterschiedliche Auftraggeber. Zu unseren St\u00e4rken z\u00e4hlt\u00a0die gestalterische Vielfalt. Im Verlauf\u00a0einer offenen und konstruktiven Zusammenarbeit mit unseren Auftraggebern, entsteht immer eine konzeptionelle L\u00f6sung, die durch Klarheit und Pr\u00e4gnanz \u00fcberzeugt. [&hellip;]<\/p>\n","protected":false},"author":1,"featured_media":0,"parent":0,"menu_order":0,"comment_status":"closed","ping_status":"closed","template":"","meta":[],"_links":{"self":[{"href":"https:\/\/picnic-design.de\/index.php?rest_route=\/wp\/v2\/pages\/701"}],"collection":[{"href":"https:\/\/picnic-design.de\/index.php?rest_route=\/wp\/v2\/pages"}],"about":[{"href":"https:\/\/picnic-design.de\/index.php?rest_route=\/wp\/v2\/types\/page"}],"author":[{"embeddable":true,"href":"https:\/\/picnic-design.de\/index.php?rest_route=\/wp\/v2\/users\/1"}],"replies":[{"embeddable":true,"href":"https:\/\/picnic-design.de\/index.php?rest_route=%2Fwp%2Fv2%2Fcomments&post=701"}],"version-history":[{"count":17,"href":"https:\/\/picnic-design.de\/index.php?rest_route=\/wp\/v2\/pages\/701\/revisions"}],"predecessor-version":[{"id":1028,"href":"https:\/\/picnic-design.de\/index.php?rest_route=\/wp\/v2\/pages\/701\/revisions\/1028"}],"wp:attachment":[{"href":"https:\/\/picnic-design.de\/index.php?rest_route=%2Fwp%2Fv2%2Fmedia&parent=701"}],"curies":[{"name":"wp","href":"https:\/\/api.w.org\/{rel}","templated":true}]}}